{"id":141,"date":"2019-11-01T21:21:54","date_gmt":"2019-11-01T20:21:54","guid":{"rendered":"http:\/\/vely-yoga.com\/velyyoga\/?page_id=141"},"modified":"2026-01-06T10:46:01","modified_gmt":"2026-01-06T09:46:01","slug":"a-propos-de-moi","status":"publish","type":"page","link":"https:\/\/www.vely-yoga.com\/velyyoga\/a-propos-de-moi\/","title":{"rendered":"Notre d\u00e9marche &#8211; Une approche de service et de pr\u00e9sence"},"content":{"rendered":"\t\t<div data-elementor-type=\"wp-page\" data-elementor-id=\"141\" class=\"elementor elementor-141\">\n\t\t\t\t\t\t<section class=\"elementor-section elementor-top-section elementor-element elementor-element-8dfdd19 elementor-section-stretched elementor-section-boxed elementor-section-height-default elementor-section-height-default\" data-id=\"8dfdd19\" data-element_type=\"section\" data-e-type=\"section\" data-settings=\"{&quot;stretch_section&quot;:&quot;section-stretched&quot;}\">\n\t\t\t\t\t\t<div class=\"elementor-container elementor-column-gap-default\">\n\t\t\t\t\t<div class=\"elementor-column elementor-col-100 elementor-top-column elementor-element elementor-element-1b0c7c6\" data-id=\"1b0c7c6\" data-element_type=\"column\" data-e-type=\"column\">\n\t\t\t<div class=\"elementor-widget-wrap elementor-element-populated\">\n\t\t\t\t\t\t<div class=\"elementor-element elementor-element-f1c9b89 elementor-widget__width-inherit elementor-widget elementor-widget-text-editor\" data-id=\"f1c9b89\" data-element_type=\"widget\" data-e-type=\"widget\" data-widget_type=\"text-editor.default\">\n\t\t\t\t<div class=\"elementor-widget-container\">\n\t\t\t\t\t\t\t\t\t<p data-start=\"1239\" data-end=\"1414\">Vely Yoga est le reflet d\u2019un chemin personnel et professionnel, nourri par pr\u00e8s de vingt ann\u00e9es de pratique du yoga, par l\u2019enseignement, le soin et l\u2019accompagnement.\u00a0<\/p>\n<p data-start=\"1239\" data-end=\"1414\">Cette page retrace \u00e0 la fois mon parcours et la d\u00e9marche dans laquelle s\u2019inscrivent aujourd\u2019hui le yoga, les soins ayurv\u00e9diques et les accompagnements propos\u00e9s au sein de l&rsquo;ASBL.<\/p>\t\t\t\t\t\t\t\t<\/div>\n\t\t\t\t<\/div>\n\t\t\t\t\t<\/div>\n\t\t<\/div>\n\t\t\t\t\t<\/div>\n\t\t<\/section>\n\t\t\t\t<section class=\"elementor-section elementor-top-section elementor-element elementor-element-2f966a1 elementor-section-stretched elementor-section-boxed elementor-section-height-default elementor-section-height-default\" data-id=\"2f966a1\" data-element_type=\"section\" data-e-type=\"section\" data-settings=\"{&quot;stretch_section&quot;:&quot;section-stretched&quot;,&quot;background_background&quot;:&quot;classic&quot;}\">\n\t\t\t\t\t\t<div class=\"elementor-container elementor-column-gap-default\">\n\t\t\t\t\t<div class=\"elementor-column elementor-col-100 elementor-top-column elementor-element elementor-element-3905d3e\" data-id=\"3905d3e\" data-element_type=\"column\" data-e-type=\"column\">\n\t\t\t<div class=\"elementor-widget-wrap elementor-element-populated\">\n\t\t\t\t\t\t<div class=\"elementor-element elementor-element-133a7c0 elementor-widget elementor-widget-text-editor\" data-id=\"133a7c0\" data-element_type=\"widget\" data-e-type=\"widget\" data-widget_type=\"text-editor.default\">\n\t\t\t\t<div class=\"elementor-widget-container\">\n\t\t\t\t\t\t\t\t\t<p>Namaste ! Moi, c&rsquo;est Yannick ! Je pratique le yoga depuis pr\u00e8s de 20 ans et l&rsquo;enseigne depuis plus de 15 ans.<\/p>\t\t\t\t\t\t\t\t<\/div>\n\t\t\t\t<\/div>\n\t\t\t\t\t<\/div>\n\t\t<\/div>\n\t\t\t\t\t<\/div>\n\t\t<\/section>\n\t\t\t\t<section class=\"elementor-section elementor-top-section elementor-element elementor-element-7fde44a elementor-section-stretched elementor-section-boxed elementor-section-height-default elementor-section-height-default\" data-id=\"7fde44a\" data-element_type=\"section\" data-e-type=\"section\" data-settings=\"{&quot;stretch_section&quot;:&quot;section-stretched&quot;,&quot;background_background&quot;:&quot;classic&quot;}\">\n\t\t\t\t\t\t<div class=\"elementor-container elementor-column-gap-default\">\n\t\t\t\t\t<div class=\"elementor-column elementor-col-100 elementor-top-column elementor-element elementor-element-0bee02f\" data-id=\"0bee02f\" data-element_type=\"column\" data-e-type=\"column\">\n\t\t\t<div class=\"elementor-widget-wrap elementor-element-populated\">\n\t\t\t\t\t\t<div class=\"elementor-element elementor-element-610a9d1 elementor-widget elementor-widget-heading\" data-id=\"610a9d1\" data-element_type=\"widget\" data-e-type=\"widget\" data-widget_type=\"heading.default\">\n\t\t\t\t<div class=\"elementor-widget-container\">\n\t\t\t\t\t<h5 class=\"elementor-heading-title elementor-size-default\">Mon parcours \u2013 Une pratique nourrie par la tradition<\/h5>\t\t\t\t<\/div>\n\t\t\t\t<\/div>\n\t\t\t\t\t<\/div>\n\t\t<\/div>\n\t\t\t\t\t<\/div>\n\t\t<\/section>\n\t\t\t\t<section class=\"elementor-section elementor-top-section elementor-element elementor-element-563ea2f elementor-section-stretched elementor-section-boxed elementor-section-height-default elementor-section-height-default\" data-id=\"563ea2f\" data-element_type=\"section\" data-e-type=\"section\" data-settings=\"{&quot;background_background&quot;:&quot;classic&quot;,&quot;stretch_section&quot;:&quot;section-stretched&quot;}\">\n\t\t\t\t\t\t<div class=\"elementor-container elementor-column-gap-default\">\n\t\t\t\t\t<div class=\"elementor-column elementor-col-100 elementor-top-column elementor-element elementor-element-979367a\" data-id=\"979367a\" data-element_type=\"column\" data-e-type=\"column\">\n\t\t\t<div class=\"elementor-widget-wrap elementor-element-populated\">\n\t\t\t\t\t\t<section class=\"elementor-section elementor-inner-section elementor-element elementor-element-4bc7211 elementor-section-content-middle elementor-section-boxed elementor-section-height-default elementor-section-height-default\" data-id=\"4bc7211\" data-element_type=\"section\" data-e-type=\"section\">\n\t\t\t\t\t\t<div class=\"elementor-container elementor-column-gap-default\">\n\t\t\t\t\t<div class=\"elementor-column elementor-col-50 elementor-inner-column elementor-element elementor-element-17c0719\" data-id=\"17c0719\" data-element_type=\"column\" data-e-type=\"column\">\n\t\t\t<div class=\"elementor-widget-wrap elementor-element-populated\">\n\t\t\t\t\t\t<div class=\"elementor-element elementor-element-8143613 elementor-widget elementor-widget-image\" data-id=\"8143613\" data-element_type=\"widget\" data-e-type=\"widget\" data-widget_type=\"image.default\">\n\t\t\t\t<div class=\"elementor-widget-container\">\n\t\t\t\t\t\t\t\t\t\t\t\t\t\t\t<img fetchpriority=\"high\" decoding=\"async\" width=\"640\" height=\"360\" src=\"https:\/\/www.vely-yoga.com\/velyyoga\/wp-content\/uploads\/2020\/05\/P1080844-1024x576.jpg\" class=\"attachment-large size-large wp-image-423\" alt=\"\" srcset=\"https:\/\/www.vely-yoga.com\/velyyoga\/wp-content\/uploads\/2020\/05\/P1080844-1024x576.jpg 1024w, https:\/\/www.vely-yoga.com\/velyyoga\/wp-content\/uploads\/2020\/05\/P1080844-300x169.jpg 300w, https:\/\/www.vely-yoga.com\/velyyoga\/wp-content\/uploads\/2020\/05\/P1080844-768x432.jpg 768w, https:\/\/www.vely-yoga.com\/velyyoga\/wp-content\/uploads\/2020\/05\/P1080844-1536x864.jpg 1536w, https:\/\/www.vely-yoga.com\/velyyoga\/wp-content\/uploads\/2020\/05\/P1080844-2048x1152.jpg 2048w\" sizes=\"(max-width: 640px) 100vw, 640px\" \/>\t\t\t\t\t\t\t\t\t\t\t\t\t\t\t<\/div>\n\t\t\t\t<\/div>\n\t\t\t\t\t<\/div>\n\t\t<\/div>\n\t\t\t\t<div class=\"elementor-column elementor-col-50 elementor-inner-column elementor-element elementor-element-638c8c7\" data-id=\"638c8c7\" data-element_type=\"column\" data-e-type=\"column\">\n\t\t\t<div class=\"elementor-widget-wrap elementor-element-populated\">\n\t\t\t\t\t\t<div class=\"elementor-element elementor-element-7d58881 elementor-widget elementor-widget-text-editor\" data-id=\"7d58881\" data-element_type=\"widget\" data-e-type=\"widget\" data-widget_type=\"text-editor.default\">\n\t\t\t\t<div class=\"elementor-widget-container\">\n\t\t\t\t\t\t\t\t\t<p>C&rsquo;est \u00e0 l&rsquo;\u00e2ge de 19 ans que j&rsquo;ai d\u00e9couvert le yoga, en le pratiquant tout d&rsquo;abord aupr\u00e8s du centre Yogashram dans le centre de Bruxelles. Lors d&rsquo;un premier voyage en Inde quelques ann\u00e9es plus tard, je suis baign\u00e9 dans la tradition indienne du yoga; j&rsquo;y rencontre diff\u00e9rents professeurs, m&rsquo;initie \u00e9galement \u00e0 la philosophie du bouddhisme tib\u00e9tain et \u00e0 la m\u00e9ditation aupr\u00e8s du Tushita Center \u00e0 Dharamsala.\u00a0<\/p>\n<p><!-- \/wp:paragraph --><\/p>\n<p><!-- wp:paragraph --><\/p>\n<p>De retour en Belgique, je suis\u00a0les cours de yoga de Lina Lemaire \u00e0 Mons et m&rsquo;initie au yoga Iyengar \u00e0 Bruxelles aupr\u00e8s de Willy Bok.<\/p>\t\t\t\t\t\t\t\t<\/div>\n\t\t\t\t<\/div>\n\t\t\t\t\t<\/div>\n\t\t<\/div>\n\t\t\t\t\t<\/div>\n\t\t<\/section>\n\t\t\t\t\t<\/div>\n\t\t<\/div>\n\t\t\t\t\t<\/div>\n\t\t<\/section>\n\t\t\t\t<section class=\"elementor-section elementor-top-section elementor-element elementor-element-9c13a1f elementor-section-stretched elementor-section-boxed elementor-section-height-default elementor-section-height-default\" data-id=\"9c13a1f\" data-element_type=\"section\" data-e-type=\"section\" data-settings=\"{&quot;stretch_section&quot;:&quot;section-stretched&quot;}\">\n\t\t\t\t\t\t<div class=\"elementor-container elementor-column-gap-default\">\n\t\t\t\t\t<div class=\"elementor-column elementor-col-100 elementor-top-column elementor-element elementor-element-6994fb4\" data-id=\"6994fb4\" data-element_type=\"column\" data-e-type=\"column\">\n\t\t\t<div class=\"elementor-widget-wrap elementor-element-populated\">\n\t\t\t\t\t\t<div class=\"elementor-element elementor-element-47f1d36 elementor-widget elementor-widget-text-editor\" data-id=\"47f1d36\" data-element_type=\"widget\" data-e-type=\"widget\" data-widget_type=\"text-editor.default\">\n\t\t\t\t<div class=\"elementor-widget-container\">\n\t\t\t\t\t\t\t\t\t<p>A mes 24 ans, je repars en Inde suivre, pendant une ann\u00e9e enti\u00e8re, le\u00a0Diploma in Yoga Education\u00a0aupr\u00e8s du r\u00e9put\u00e9 Kaivalyadhama Institute \u00e0 Lonavla, pr\u00e8s de Pune.<\/p>\t\t\t\t\t\t\t\t<\/div>\n\t\t\t\t<\/div>\n\t\t\t\t\t<\/div>\n\t\t<\/div>\n\t\t\t\t\t<\/div>\n\t\t<\/section>\n\t\t\t\t<section class=\"elementor-section elementor-top-section elementor-element elementor-element-e78fcd9 elementor-section-content-middle elementor-section-stretched elementor-section-boxed elementor-section-height-default elementor-section-height-default\" data-id=\"e78fcd9\" data-element_type=\"section\" data-e-type=\"section\" data-settings=\"{&quot;background_background&quot;:&quot;classic&quot;,&quot;stretch_section&quot;:&quot;section-stretched&quot;}\">\n\t\t\t\t\t\t<div class=\"elementor-container elementor-column-gap-default\">\n\t\t\t\t\t<div class=\"elementor-column elementor-col-50 elementor-top-column elementor-element elementor-element-f1b94aa\" data-id=\"f1b94aa\" data-element_type=\"column\" data-e-type=\"column\">\n\t\t\t<div class=\"elementor-widget-wrap elementor-element-populated\">\n\t\t\t\t\t\t<div class=\"elementor-element elementor-element-db1d2c2 elementor-widget elementor-widget-text-editor\" data-id=\"db1d2c2\" data-element_type=\"widget\" data-e-type=\"widget\" data-widget_type=\"text-editor.default\">\n\t\t\t\t<div class=\"elementor-widget-container\">\n\t\t\t\t\t\t\t\t\t<p>De retour en Belgique, je commence tr\u00e8s t\u00f4t \u00e0 enseigner le yoga.<\/p>\n<p><!-- \/wp:paragraph --><\/p>\n<p><!-- wp:paragraph --><\/p>\n<p>D\u00e9sireux de rendre le yoga traditionnel indien accessible aux occidentaux, j&rsquo;entame en m\u00eame temps la formation de professeur de yoga\u00a0aupr\u00e8s de la Ligue Francophone de Hatha-Yoga. L&rsquo;enseignement est dans la continuit\u00e9 de Shri Mahesh.\u00a0<\/p>\n<p><!-- \/wp:paragraph --><\/p>\n<p><!-- wp:paragraph --><\/p>\n<p>J&rsquo;ai suivi des journ\u00e9es de formation aupr\u00e8s du RYE et ai enseign\u00e9 le yoga durant deux ann\u00e9es \u00e0 un public adolescent.<\/p>\n<p><!-- \/wp:paragraph --><\/p>\n<p><!-- wp:paragraph --><\/p>\n<p>La tradition du shiva\u00efsme du Cachemire, enseign\u00e9e par Eric Baret et Nathalie Delay notamment, a nourri ma pratique personnelle de l&rsquo;importance de la sensibilit\u00e9 du corps. J&rsquo; int\u00e8gre dans ma pratique et mon approche du bien-\u00eatre les fondements de cet enseignement non duel.\u00a0<\/p>\n<p><!-- \/wp:paragraph --><\/p>\n<p><!-- wp:paragraph --><\/p>\n<p>Enfin, derni\u00e8rement, je me forme aux soins de base issus de l&rsquo;Ayurveda, la m\u00e9decine traditionnelle de l&rsquo;Inde aupr\u00e8s de mon ami, le docteur Nisar Shaikh (Pune).<\/p>\t\t\t\t\t\t\t\t<\/div>\n\t\t\t\t<\/div>\n\t\t\t\t\t<\/div>\n\t\t<\/div>\n\t\t\t\t<div class=\"elementor-column elementor-col-50 elementor-top-column elementor-element elementor-element-3c5e565\" data-id=\"3c5e565\" data-element_type=\"column\" data-e-type=\"column\">\n\t\t\t<div class=\"elementor-widget-wrap elementor-element-populated\">\n\t\t\t\t\t\t<div class=\"elementor-element elementor-element-2caa5b9 elementor-widget elementor-widget-image\" data-id=\"2caa5b9\" data-element_type=\"widget\" data-e-type=\"widget\" data-widget_type=\"image.default\">\n\t\t\t\t<div class=\"elementor-widget-container\">\n\t\t\t\t\t\t\t\t\t\t\t\t\t\t\t<img decoding=\"async\" width=\"640\" height=\"360\" src=\"https:\/\/www.vely-yoga.com\/velyyoga\/wp-content\/uploads\/2020\/05\/P1080887-1024x576.jpg\" class=\"attachment-large size-large wp-image-425\" alt=\"\" srcset=\"https:\/\/www.vely-yoga.com\/velyyoga\/wp-content\/uploads\/2020\/05\/P1080887-1024x576.jpg 1024w, https:\/\/www.vely-yoga.com\/velyyoga\/wp-content\/uploads\/2020\/05\/P1080887-300x169.jpg 300w, https:\/\/www.vely-yoga.com\/velyyoga\/wp-content\/uploads\/2020\/05\/P1080887-768x432.jpg 768w, https:\/\/www.vely-yoga.com\/velyyoga\/wp-content\/uploads\/2020\/05\/P1080887-1536x864.jpg 1536w, https:\/\/www.vely-yoga.com\/velyyoga\/wp-content\/uploads\/2020\/05\/P1080887-2048x1152.jpg 2048w\" sizes=\"(max-width: 640px) 100vw, 640px\" \/>\t\t\t\t\t\t\t\t\t\t\t\t\t\t\t<\/div>\n\t\t\t\t<\/div>\n\t\t\t\t\t<\/div>\n\t\t<\/div>\n\t\t\t\t\t<\/div>\n\t\t<\/section>\n\t\t\t\t<section class=\"elementor-section elementor-top-section elementor-element elementor-element-3d0237f elementor-section-content-middle elementor-section-stretched elementor-section-boxed elementor-section-height-default elementor-section-height-default\" data-id=\"3d0237f\" data-element_type=\"section\" data-e-type=\"section\" data-settings=\"{&quot;stretch_section&quot;:&quot;section-stretched&quot;}\">\n\t\t\t\t\t\t<div class=\"elementor-container elementor-column-gap-default\">\n\t\t\t\t\t<div class=\"elementor-column elementor-col-100 elementor-top-column elementor-element elementor-element-b89be3c\" data-id=\"b89be3c\" data-element_type=\"column\" data-e-type=\"column\">\n\t\t\t<div class=\"elementor-widget-wrap elementor-element-populated\">\n\t\t\t\t\t\t<section class=\"elementor-section elementor-inner-section elementor-element elementor-element-e25378b elementor-section-content-middle elementor-section-boxed elementor-section-height-default elementor-section-height-default\" data-id=\"e25378b\" data-element_type=\"section\" data-e-type=\"section\" data-settings=\"{&quot;background_background&quot;:&quot;classic&quot;}\">\n\t\t\t\t\t\t<div class=\"elementor-container elementor-column-gap-default\">\n\t\t\t\t\t<div class=\"elementor-column elementor-col-50 elementor-inner-column elementor-element elementor-element-6da58f9\" data-id=\"6da58f9\" data-element_type=\"column\" data-e-type=\"column\">\n\t\t\t<div class=\"elementor-widget-wrap elementor-element-populated\">\n\t\t\t\t\t\t<div class=\"elementor-element elementor-element-65a0209 elementor-view-default elementor-widget elementor-widget-icon\" data-id=\"65a0209\" data-element_type=\"widget\" data-e-type=\"widget\" data-widget_type=\"icon.default\">\n\t\t\t\t<div class=\"elementor-widget-container\">\n\t\t\t\t\t\t\t<div class=\"elementor-icon-wrapper\">\n\t\t\t<div class=\"elementor-icon\">\n\t\t\t<i aria-hidden=\"true\" class=\"fas fa-wind\"><\/i>\t\t\t<\/div>\n\t\t<\/div>\n\t\t\t\t\t\t<\/div>\n\t\t\t\t<\/div>\n\t\t\t\t\t<\/div>\n\t\t<\/div>\n\t\t\t\t<div class=\"elementor-column elementor-col-50 elementor-inner-column elementor-element elementor-element-4012696\" data-id=\"4012696\" data-element_type=\"column\" data-e-type=\"column\">\n\t\t\t<div class=\"elementor-widget-wrap elementor-element-populated\">\n\t\t\t\t\t\t<div class=\"elementor-element elementor-element-84d0350 elementor-widget elementor-widget-text-editor\" data-id=\"84d0350\" data-element_type=\"widget\" data-e-type=\"widget\" data-widget_type=\"text-editor.default\">\n\t\t\t\t<div class=\"elementor-widget-container\">\n\t\t\t\t\t\t\t\t\t<p>Professionnellement, je suis dipl\u00f4m\u00e9 en \u00e9lectronique et titulaire d&rsquo;un master en Sciences de l&rsquo;Education \u00e0 l&rsquo;UCL. Apr\u00e8s pr\u00e8s de 10 ann\u00e9es d&rsquo;exercice professionnel aupr\u00e8s de jeunes en d\u00e9crochage scolaire, je travaille maintenant comme enseignant au sein d&rsquo;un \u00e9tablissement secondaire de la r\u00e9gion de la r\u00e9gion bruxelloise. J&rsquo;y participe \u00e0 la formation de futurs agents d&rsquo;\u00e9ducation.<\/p>\t\t\t\t\t\t\t\t<\/div>\n\t\t\t\t<\/div>\n\t\t\t\t\t<\/div>\n\t\t<\/div>\n\t\t\t\t\t<\/div>\n\t\t<\/section>\n\t\t\t\t\t<\/div>\n\t\t<\/div>\n\t\t\t\t\t<\/div>\n\t\t<\/section>\n\t\t\t\t<section class=\"elementor-section elementor-top-section elementor-element elementor-element-28137d4 elementor-section-stretched elementor-section-boxed elementor-section-height-default elementor-section-height-default\" data-id=\"28137d4\" data-element_type=\"section\" data-e-type=\"section\" data-settings=\"{&quot;stretch_section&quot;:&quot;section-stretched&quot;,&quot;background_background&quot;:&quot;classic&quot;}\">\n\t\t\t\t\t\t<div class=\"elementor-container elementor-column-gap-default\">\n\t\t\t\t\t<div class=\"elementor-column elementor-col-50 elementor-top-column elementor-element elementor-element-32e7d02\" data-id=\"32e7d02\" data-element_type=\"column\" data-e-type=\"column\">\n\t\t\t<div class=\"elementor-widget-wrap elementor-element-populated\">\n\t\t\t\t\t\t<div class=\"elementor-element elementor-element-cd8cf8b elementor-widget elementor-widget-heading\" data-id=\"cd8cf8b\" data-element_type=\"widget\" data-e-type=\"widget\" data-widget_type=\"heading.default\">\n\t\t\t\t<div class=\"elementor-widget-container\">\n\t\t\t\t\t<h5 class=\"elementor-heading-title elementor-size-default\"><br><br><br><br>Notre d\u00e9marche aujourd'hui<\/h5>\t\t\t\t<\/div>\n\t\t\t\t<\/div>\n\t\t\t\t\t<\/div>\n\t\t<\/div>\n\t\t\t\t<div class=\"elementor-column elementor-col-50 elementor-top-column elementor-element elementor-element-9428b70\" data-id=\"9428b70\" data-element_type=\"column\" data-e-type=\"column\">\n\t\t\t<div class=\"elementor-widget-wrap elementor-element-populated\">\n\t\t\t\t\t\t<div class=\"elementor-element elementor-element-77b1289 elementor-widget elementor-widget-text-editor\" data-id=\"77b1289\" data-element_type=\"widget\" data-e-type=\"widget\" data-widget_type=\"text-editor.default\">\n\t\t\t\t<div class=\"elementor-widget-container\">\n\t\t\t\t\t\t\t\t\t<p>Aujourd\u2019hui, <strong><span style=\"text-decoration: underline;\">notre intention est d\u2019accompagner les personnes vers plus de pr\u00e9sence, de sensibilit\u00e9<\/span><\/strong> et d\u2019\u00e9quilibre,<span style=\"text-decoration: underline;\"><em><strong> \u00e0 travers une approche simple, accessible<\/strong><\/em><\/span> et respectueuse.\u00a0<\/p>\n<p>Le yoga, les soins ayurv\u00e9diques et l\u2019accompagnement individuel sont pour nous des outils compl\u00e9mentaires, au service du corps, du souffle et de l\u2019\u00e9coute de soi.\u00a0<\/p>\n<p><span style=\"text-decoration: underline;\"><strong>Il ne s\u2019agit pas de performance ni de correction, mais d\u2019un chemin progressif,<\/strong><\/span>\u00a0o\u00f9 chacun est invit\u00e9 \u00e0 \u00e9voluer \u00e0 son rythme.<\/p>\t\t\t\t\t\t\t\t<\/div>\n\t\t\t\t<\/div>\n\t\t\t\t\t<\/div>\n\t\t<\/div>\n\t\t\t\t\t<\/div>\n\t\t<\/section>\n\t\t\t\t<section class=\"elementor-section elementor-top-section elementor-element elementor-element-fe98fe4 elementor-section-stretched elementor-section-boxed elementor-section-height-default elementor-section-height-default\" data-id=\"fe98fe4\" data-element_type=\"section\" data-e-type=\"section\" data-settings=\"{&quot;stretch_section&quot;:&quot;section-stretched&quot;}\">\n\t\t\t\t\t\t<div class=\"elementor-container elementor-column-gap-default\">\n\t\t\t\t\t<div class=\"elementor-column elementor-col-50 elementor-top-column elementor-element elementor-element-8ece9ac\" data-id=\"8ece9ac\" data-element_type=\"column\" data-e-type=\"column\">\n\t\t\t<div class=\"elementor-widget-wrap elementor-element-populated\">\n\t\t\t\t\t\t<div class=\"elementor-element elementor-element-b4446a3 elementor-widget elementor-widget-heading\" data-id=\"b4446a3\" data-element_type=\"widget\" data-e-type=\"widget\" data-widget_type=\"heading.default\">\n\t\t\t\t<div class=\"elementor-widget-container\">\n\t\t\t\t\t<h5 class=\"elementor-heading-title elementor-size-default\"><br><br><br><br>Yoga &amp; Soins ayurv\u00e9diques<\/h5>\t\t\t\t<\/div>\n\t\t\t\t<\/div>\n\t\t\t\t\t<\/div>\n\t\t<\/div>\n\t\t\t\t<div class=\"elementor-column elementor-col-50 elementor-top-column elementor-element elementor-element-3f71f5d\" data-id=\"3f71f5d\" data-element_type=\"column\" data-e-type=\"column\">\n\t\t\t<div class=\"elementor-widget-wrap elementor-element-populated\">\n\t\t\t\t\t\t<div class=\"elementor-element elementor-element-8fe2bfb elementor-widget elementor-widget-text-editor\" data-id=\"8fe2bfb\" data-element_type=\"widget\" data-e-type=\"widget\" data-widget_type=\"text-editor.default\">\n\t\t\t\t<div class=\"elementor-widget-container\">\n\t\t\t\t\t\t\t\t\t<p data-start=\"3251\" data-end=\"3373\">Le yoga que je transmets est une pratique d\u2019\u00e9coute et de sensibilit\u00e9, accessible \u00e0 tous, en groupe ou en individuel.\u00a0<\/p>\n<p data-start=\"3251\" data-end=\"3373\">Les soins ayurv\u00e9diques sont propos\u00e9s comme des soins de bien-\u00eatre, v\u00e9cus comme <span style=\"text-decoration: underline;\"><strong>des parenth\u00e8ses pour se d\u00e9poser<\/strong><\/span>, rel\u00e2cher les tensions et revenir aux sensations.\u00a0<\/p>\n<p data-start=\"3251\" data-end=\"3373\"><strong><span style=\"text-decoration: underline;\">Ens<\/span><u>emble, yoga et soins permettent de soutenir l\u2019\u00e9quilibre global<\/u><\/strong> et d\u2019accompagner les personnes dans leur quotidien.<\/p>\t\t\t\t\t\t\t\t<\/div>\n\t\t\t\t<\/div>\n\t\t\t\t\t<\/div>\n\t\t<\/div>\n\t\t\t\t\t<\/div>\n\t\t<\/section>\n\t\t\t\t<section class=\"elementor-section elementor-top-section elementor-element elementor-element-7a859d4 elementor-section-stretched elementor-section-boxed elementor-section-height-default elementor-section-height-default\" data-id=\"7a859d4\" data-element_type=\"section\" data-e-type=\"section\" data-settings=\"{&quot;stretch_section&quot;:&quot;section-stretched&quot;,&quot;background_background&quot;:&quot;classic&quot;}\">\n\t\t\t\t\t\t<div class=\"elementor-container elementor-column-gap-default\">\n\t\t\t\t\t<div class=\"elementor-column elementor-col-50 elementor-top-column elementor-element elementor-element-5cb08fe\" data-id=\"5cb08fe\" data-element_type=\"column\" data-e-type=\"column\">\n\t\t\t<div class=\"elementor-widget-wrap elementor-element-populated\">\n\t\t\t\t\t\t<div class=\"elementor-element elementor-element-3bf38fa elementor-widget elementor-widget-heading\" data-id=\"3bf38fa\" data-element_type=\"widget\" data-e-type=\"widget\" data-widget_type=\"heading.default\">\n\t\t\t\t<div class=\"elementor-widget-container\">\n\t\t\t\t\t<h5 class=\"elementor-heading-title elementor-size-default\"><br><br><br><br>Une d\u00e9marche de service \u2013 ASBL<\/h5>\t\t\t\t<\/div>\n\t\t\t\t<\/div>\n\t\t\t\t\t<\/div>\n\t\t<\/div>\n\t\t\t\t<div class=\"elementor-column elementor-col-50 elementor-top-column elementor-element elementor-element-0913f9c\" data-id=\"0913f9c\" data-element_type=\"column\" data-e-type=\"column\">\n\t\t\t<div class=\"elementor-widget-wrap elementor-element-populated\">\n\t\t\t\t\t\t<div class=\"elementor-element elementor-element-18fe4b7 elementor-widget elementor-widget-text-editor\" data-id=\"18fe4b7\" data-element_type=\"widget\" data-e-type=\"widget\" data-widget_type=\"text-editor.default\">\n\t\t\t\t<div class=\"elementor-widget-container\">\n\t\t\t\t\t\t\t\t\t<p data-start=\"3858\" data-end=\"3929\">Vely Yoga est port\u00e9 par une <strong data-start=\"3886\" data-end=\"3926\">association sans but lucratif (ASBL)<\/strong>.<\/p>\n<p data-start=\"3936\" data-end=\"4079\">Ce choix refl\u00e8te une volont\u00e9 claire :<\/p>\n<p data-start=\"3936\" data-end=\"4079\"><span style=\"text-decoration: underline;\"><strong>Proposer des activit\u00e9s de bien-\u00eatre dans une logique de service, et non de recherche de profit.<\/strong><\/span><\/p>\n<p data-start=\"4086\" data-end=\"4203\">Les contributions demand\u00e9es servent \u00e0 couvrir les frais, \u00e0 soutenir le projet et \u00e0 en garantir l\u2019accessibilit\u00e9.<\/p>\n<p data-start=\"4210\" data-end=\"4345\">Cette d\u00e9marche permet d\u2019ouvrir un espace fond\u00e9 sur la confiance, la responsabilit\u00e9 partag\u00e9e et le respect des moyens de chacun.<\/p>\t\t\t\t\t\t\t\t<\/div>\n\t\t\t\t<\/div>\n\t\t\t\t\t<\/div>\n\t\t<\/div>\n\t\t\t\t\t<\/div>\n\t\t<\/section>\n\t\t\t\t<section class=\"elementor-section elementor-top-section elementor-element elementor-element-265b7c2 elementor-section-stretched elementor-section-boxed elementor-section-height-default elementor-section-height-default\" data-id=\"265b7c2\" data-element_type=\"section\" data-e-type=\"section\" data-settings=\"{&quot;stretch_section&quot;:&quot;section-stretched&quot;}\">\n\t\t\t\t\t\t<div class=\"elementor-container elementor-column-gap-default\">\n\t\t\t\t\t<div class=\"elementor-column elementor-col-100 elementor-top-column elementor-element elementor-element-c4fad23\" data-id=\"c4fad23\" data-element_type=\"column\" data-e-type=\"column\">\n\t\t\t<div class=\"elementor-widget-wrap elementor-element-populated\">\n\t\t\t\t\t\t<div class=\"elementor-element elementor-element-9245e5f elementor-widget elementor-widget-text-editor\" data-id=\"9245e5f\" data-element_type=\"widget\" data-e-type=\"widget\" data-widget_type=\"text-editor.default\">\n\t\t\t\t<div class=\"elementor-widget-container\">\n\t\t\t\t\t\t\t\t\t<p>Que ce soit \u00e0 travers le yoga, un soin ayurv\u00e9dique ou un accompagnement dans la dur\u00e9e,<br data-start=\"4591\" data-end=\"4594\" \/>l\u2019intention reste la m\u00eame :<br data-start=\"4623\" data-end=\"4626\" \/>offrir un espace pour ralentir, respirer et prendre soin de soi.<\/p>\t\t\t\t\t\t\t\t<\/div>\n\t\t\t\t<\/div>\n\t\t\t\t\t<\/div>\n\t\t<\/div>\n\t\t\t\t\t<\/div>\n\t\t<\/section>\n\t\t\t\t<\/div>\n\t\t","protected":false},"excerpt":{"rendered":"<p>Vely Yoga est le reflet d\u2019un chemin personnel et professionnel, nourri par pr\u00e8s de vingt ann\u00e9es de pratique du yoga, par l\u2019enseignement, le soin et l\u2019accompagnement.\u00a0 Cette page retrace \u00e0 la fois mon parcours et la d\u00e9marche dans laquelle s\u2019inscrivent aujourd\u2019hui le yoga, les soins ayurv\u00e9diques et les accompagnements propos\u00e9s au sein de l&rsquo;ASBL. Namaste [&hellip;]<\/p>\n","protected":false},"author":2,"featured_media":0,"parent":0,"menu_order":0,"comment_status":"closed","ping_status":"closed","template":"","meta":{"footnotes":""},"class_list":["post-141","page","type-page","status-publish","hentry"],"aioseo_notices":[],"jetpack_sharing_enabled":true,"_links":{"self":[{"href":"https:\/\/www.vely-yoga.com\/velyyoga\/wp-json\/wp\/v2\/pages\/141","targetHints":{"allow":["GET"]}}],"collection":[{"href":"https:\/\/www.vely-yoga.com\/velyyoga\/wp-json\/wp\/v2\/pages"}],"about":[{"href":"https:\/\/www.vely-yoga.com\/velyyoga\/wp-json\/wp\/v2\/types\/page"}],"author":[{"embeddable":true,"href":"https:\/\/www.vely-yoga.com\/velyyoga\/wp-json\/wp\/v2\/users\/2"}],"replies":[{"embeddable":true,"href":"https:\/\/www.vely-yoga.com\/velyyoga\/wp-json\/wp\/v2\/comments?post=141"}],"version-history":[{"count":0,"href":"https:\/\/www.vely-yoga.com\/velyyoga\/wp-json\/wp\/v2\/pages\/141\/revisions"}],"wp:attachment":[{"href":"https:\/\/www.vely-yoga.com\/velyyoga\/wp-json\/wp\/v2\/media?parent=141"}],"curies":[{"name":"wp","href":"https:\/\/api.w.org\/{rel}","templated":true}]}}